{"id":1344,"date":"2023-11-23T16:55:10","date_gmt":"2023-11-23T16:55:10","guid":{"rendered":"https:\/\/katolikusifjusagialapitvany.hu\/?page_id=1344"},"modified":"2025-02-20T13:14:39","modified_gmt":"2025-02-20T13:14:39","slug":"projektjeink","status":"publish","type":"page","link":"https:\/\/katolikusifjusagialapitvany.hu\/?page_id=1344","title":{"rendered":"EQ- \u00c9lj egy\u00fctt a k\u00f6rnyezeteddel!"},"content":{"rendered":"\n<p><strong>A projekt tartalma:<\/strong><br><mark style=\"background-color:#7bdcb5\" class=\"has-inline-color has-black-color\">Jelen projekt komplex m\u00f3don k\u00edv\u00e1nja fejleszteni az \u00e9rzelmi intelligenci\u00e1t egy eg\u00e9szs\u00e9ges versenyszellemet el\u0151seg\u00edt\u0151 vet\u00e9lked\u0151ben. A vil\u00e1gj\u00e1rv\u00e1ny megv\u00e1ltoztatta kapcsolattart\u00e1si szok\u00e1sainkat, a szem\u00e9lyes tal\u00e1lkoz\u00e1sok sz\u00e1ma nagyot zuhant, \u00edgy az \u00e9rzelmi intelligencia fejl\u0151d\u00e9se is h\u00e1tt\u00e9rbe szorult a karant\u00e9n ut\u00f3hat\u00e1sai miatt. A mai fiataloknak term\u00e9szet\u00fckn\u00e9l fogva t\u00f6bb ingerre van sz\u00fcks\u00e9g\u00fck, figyelm\u00fck interakt\u00edv m\u00f3don jobban felkelthet\u0151 \u00e9s megtarthat\u00f3. Programunk a fiatalok ig\u00e9nyeire k\u00edv\u00e1n v\u00e1laszt adni. Gyakorlati elemekkel, a diszkrimin\u00e1ci\u00f3 megel\u0151z\u00e9s\u00e9t \u00e9s a l\u00e1t\u00f3k\u00f6r b\u0151v\u00edt\u00e9s\u00e9t szem el\u0151tt tartva, interakt\u00edv m\u00f3don. <\/mark><\/p>\n\n\n\n<p>Az EQ- \u00c9lj egy\u00fctt a k\u00f6rnyezeteddel! program gerince egy t\u00f6bbfordul\u00f3s vet\u00e9lked\u0151, mely h\u00e1rom szakaszb\u00f3l tev\u0151dik \u00f6ssze.<\/p>\n\n\n\n<ol class=\"wp-block-list\">\n<li>A versenyben r\u00e9szt vev\u0151 k\u00f6z\u00e9piskola mindegyik tanul\u00f3ja kit\u00f6lt egy \u00e1ltal\u00e1nos EQ tesztet, mely 20 k\u00e9rd\u00e9sb\u0151l \u00e1ll. Pontoz\u00e1sos rendszerrel, \u00edgy \u00e1tfog\u00f3, k\u00f6nnyen \u00e9rtelmezhet\u0151 statisztik\u00e1val szolg\u00e1l.(2024 janu\u00e1r m\u00e1sodik fele). A teszt kit\u00f6lt\u00e9s\u00e9t az \u00f6nk\u00e9nteseink vezetik le, oszt\u00e1lyonk\u00e9nt 15 percet vesz ig\u00e9nybe.<\/li>\n\n\n\n<li>A m\u00e1sodik k\u00f6rben iskol\u00e1kon bel\u00fcli megm\u00e9rettet\u00e9sre ker\u00fcl sor, sz\u00f3beli vill\u00e1mk\u00e9rd\u00e9sek \u00e9s v\u00e1laszok keretein bel\u00fcl, ahol \u00e9vfolyamonk\u00e9nt a legjobban teljes\u00edt\u0151 di\u00e1k jut a d\u00f6nt\u0151be (2024 febru\u00e1r). Ezt is az \u00f6nk\u00e9ntesink v\u00e9gzik az adott iskol\u00e1ban. A m\u00e1sodik fordul\u00f3 id\u0151tartama k\u00f6r\u00fclbel\u00fcl egy \u00f3ra.<\/li>\n\n\n\n<li>A harmadik k\u00f6r, a d\u00f6nt\u0151, m\u00e1r a k\u00fcl\u00f6nb\u00f6z\u0151 k\u00f6z\u00e9piskol\u00e1k csapatainak megm\u00e9rk\u0151z\u00e9se lesz, egy \u201eVet\u00e9lked\u0151 show\/D\u00f6nt\u0151\u201d keretein bel\u00fcl, ahova minden iskola legjobb 9.,10., 11. \u00e9s 12. \u00e9vfolyamos tanul\u00f3ja kap megh\u00edv\u00e1st \u00e9s egy csapatk\u00e9nt k\u00e9pviseli az iskol\u00e1j\u00e1t. A d\u00f6nt\u0151 a Millenniumi K\u00e1v\u00e9h\u00e1z \u00e9s Klubban ker\u00fcl megrendez\u00e9sre 2024. \u00e1prilis\u00e1ban. A d\u00f6nt\u0151 egy 4- 5 \u00f3r\u00e1s esem\u00e9ny, amelyet szint\u00e9n az \u00f6nk\u00e9nteseink \u00e9s a vet\u00e9lked\u0151 szervez\u0151i vezetnek le.<\/li>\n<\/ol>\n\n\n\n<p>A d\u00edjazottak \u00e9rt\u00e9kes t\u00e1rgyi nyerem\u00e9nyben r\u00e9szes\u00fclnek.<br>A k\u00f6vetkez\u0151 ter\u00fcleteken szeretn\u00e9nk fejleszteni a r\u00e9sztvev\u0151 fiatalokat komplex m\u00f3don:<\/p>\n\n\n\n<ol class=\"wp-block-list\">\n<li>\u00e9rzelmi intelligencia<\/li>\n\n\n\n<li>csapatmunka<\/li>\n\n\n\n<li>eg\u00e9szs\u00e9ges versenyszellem<\/li>\n\n\n\n<li>rugalmass\u00e1g<\/li>\n\n\n\n<li>kommunik\u00e1ci\u00f3s k\u00e9szs\u00e9g<\/li>\n\n\n\n<li>\u00e1ltal\u00e1nos m\u0171velts\u00e9g<\/li>\n\n\n\n<li>id\u0151gazd\u00e1lkod\u00e1s<\/li>\n\n\n\n<li>kort\u00e1rskapcsolatok meger\u0151s\u00edt\u00e9se<\/li>\n\n\n\n<li>\u00f6nismeret, szem\u00e9lyes fejl\u0151d\u00e9s.<br><br><br><strong>A projekt c\u00e9lja: <\/strong><br>Egy szoci\u00e1lisan \u00e9rz\u00e9keny \u00e9s fog\u00e9kony fiatalkor\u00fa r\u00e9teg tov\u00e1bbfejleszt\u00e9se, akik seg\u00edthetik kort\u00e1rsaikat egy meg\u00e9rt\u0151bb hozz\u00e1\u00e1ll\u00e1s kialak\u00edt\u00e1s\u00e1ban, mellyel a diszkrimin\u00e1ci\u00f3 cs\u00f6kkenthet\u0151. Komplex m\u00f3don az al\u00e1bbi kompetenci\u00e1k fejl\u0151dnek: eg\u00e9szs\u00e9ges versenyszellem, \u00e9rzelmi intelligencia, csapatmunka, rugalmass\u00e1g, kommunik\u00e1ci\u00f3s k\u00e9szs\u00e9g, \u00e1ltal\u00e1nos m\u0171velts\u00e9g, id\u0151gazd\u00e1lkod\u00e1s, kort\u00e1rskapcsolatok er\u0151s\u00f6d\u00e9se \u00e9s nem utols\u00f3 sorban az \u00f6nismeret.<br><br>Az eg\u00e9szs\u00e9ges versenyszellem meger\u0151s\u00edt\u00e9se mellett a r\u00e9sztvev\u0151k elm\u00e9leti \u00e9s empirikus betekint\u00e9t kapnak a sz\u00f3ban forg\u00f3 t\u00e9ma fontoss\u00e1g\u00e1r\u00f3l, t\u00f6bb, ak\u00e1r sz\u00e1mukra m\u00e9g ismeretlen szempontb\u00f3l is. Megtanulhatj\u00e1k, hogy ez nem egy kellemetlen t\u00e9ma, amivel k\u00e9nyelmesebb ink\u00e1bb nem is foglalkozni, jobb figyelmen k\u00edv\u00fcl hagyni. J\u00f3val ink\u00e1bb, egy olyan vel\u00fcnk \u00e9l\u0151 val\u00f3s\u00e1g, melyet szemles\u00fct\u00e9s n\u00e9lk\u00fcl is meg lehet ismerni, elfogadni, t\u00e1mogat\u00f3 r\u00e9sz\u00e9v\u00e9 v\u00e1lni. <br>Az esem\u00e9ny c\u00e9lja, hogy megm\u00e9rettet\u00e9sen r\u00e9szt vev\u0151 di\u00e1kok r\u00e1\u00e9bredjenek, hogy e t\u00e9m\u00e1ban \u0151k is tudnak v\u00e1ltoz\u00e1st el\u00e9rni, ezzel el\u0151seg\u00edtve a k\u00f6z\u00f6ss\u00e9gi felel\u0151ss\u00e9gv\u00e1llal\u00e1st \u00e9s embert\u00e1rsaik t\u00e1mogat\u00e1s\u00e1t.<\/li>\n<\/ol>\n\n\n\n<figure class=\"wp-block-image size-full is-resized\"><img loading=\"lazy\" decoding=\"async\" width=\"192\" height=\"142\" src=\"https:\/\/katolikusifjusagialapitvany.hu\/wp-content\/uploads\/2023\/12\/unnamed.png\" alt=\"\" class=\"wp-image-1568\" style=\"width:335px;height:auto\"\/><\/figure>\n\n\n\n<figure class=\"wp-block-image size-large\"><img loading=\"lazy\" decoding=\"async\" width=\"1024\" height=\"614\" src=\"https:\/\/katolikusifjusagialapitvany.hu\/wp-content\/uploads\/2025\/02\/logok-1024x614.png\" alt=\"\" class=\"wp-image-2152\" srcset=\"https:\/\/katolikusifjusagialapitvany.hu\/wp-content\/uploads\/2025\/02\/logok-1024x614.png 1024w, https:\/\/katolikusifjusagialapitvany.hu\/wp-content\/uploads\/2025\/02\/logok-300x180.png 300w, https:\/\/katolikusifjusagialapitvany.hu\/wp-content\/uploads\/2025\/02\/logok-768x461.png 768w, https:\/\/katolikusifjusagialapitvany.hu\/wp-content\/uploads\/2025\/02\/logok-1536x921.png 1536w, https:\/\/katolikusifjusagialapitvany.hu\/wp-content\/uploads\/2025\/02\/logok-2048x1228.png 2048w\" sizes=\"auto, (max-width: 1024px) 100vw, 1024px\" \/><\/figure>\n","protected":false},"excerpt":{"rendered":"<p>A projekt tartalma:Jelen projekt komplex m\u00f3don k\u00edv\u00e1nja fejleszteni az \u00e9rzelmi<\/p>\n","protected":false},"author":1,"featured_media":0,"parent":0,"menu_order":0,"comment_status":"closed","ping_status":"closed","template":"","meta":{"footnotes":""},"class_list":["post-1344","page","type-page","status-publish","hentry"],"_links":{"self":[{"href":"https:\/\/katolikusifjusagialapitvany.hu\/index.php?rest_route=\/wp\/v2\/pages\/1344","targetHints":{"allow":["GET"]}}],"collection":[{"href":"https:\/\/katolikusifjusagialapitvany.hu\/index.php?rest_route=\/wp\/v2\/pages"}],"about":[{"href":"https:\/\/katolikusifjusagialapitvany.hu\/index.php?rest_route=\/wp\/v2\/types\/page"}],"author":[{"embeddable":true,"href":"https:\/\/katolikusifjusagialapitvany.hu\/index.php?rest_route=\/wp\/v2\/users\/1"}],"replies":[{"embeddable":true,"href":"https:\/\/katolikusifjusagialapitvany.hu\/index.php?rest_route=%2Fwp%2Fv2%2Fcomments&post=1344"}],"version-history":[{"count":12,"href":"https:\/\/katolikusifjusagialapitvany.hu\/index.php?rest_route=\/wp\/v2\/pages\/1344\/revisions"}],"predecessor-version":[{"id":2153,"href":"https:\/\/katolikusifjusagialapitvany.hu\/index.php?rest_route=\/wp\/v2\/pages\/1344\/revisions\/2153"}],"wp:attachment":[{"href":"https:\/\/katolikusifjusagialapitvany.hu\/index.php?rest_route=%2Fwp%2Fv2%2Fmedia&parent=1344"}],"curies":[{"name":"wp","href":"https:\/\/api.w.org\/{rel}","templated":true}]}}