{"id":1356,"date":"2023-11-23T17:06:42","date_gmt":"2023-11-23T17:06:42","guid":{"rendered":"https:\/\/katolikusifjusagialapitvany.hu\/?page_id=1356"},"modified":"2025-09-16T14:34:55","modified_gmt":"2025-09-16T14:34:55","slug":"munkatarsak","status":"publish","type":"page","link":"https:\/\/katolikusifjusagialapitvany.hu\/?page_id=1356","title":{"rendered":"Munkat\u00e1rsak"},"content":{"rendered":"\n<figure class=\"wp-block-image size-large is-resized\"><img loading=\"lazy\" decoding=\"async\" width=\"683\" height=\"1024\" src=\"https:\/\/katolikusifjusagialapitvany.hu\/wp-content\/uploads\/2025\/08\/DSC_1020-683x1024.jpg\" alt=\"\" class=\"wp-image-2462\" style=\"width:217px;height:auto\" srcset=\"https:\/\/katolikusifjusagialapitvany.hu\/wp-content\/uploads\/2025\/08\/DSC_1020-683x1024.jpg 683w, https:\/\/katolikusifjusagialapitvany.hu\/wp-content\/uploads\/2025\/08\/DSC_1020-200x300.jpg 200w, https:\/\/katolikusifjusagialapitvany.hu\/wp-content\/uploads\/2025\/08\/DSC_1020-768x1152.jpg 768w, https:\/\/katolikusifjusagialapitvany.hu\/wp-content\/uploads\/2025\/08\/DSC_1020-1024x1536.jpg 1024w, https:\/\/katolikusifjusagialapitvany.hu\/wp-content\/uploads\/2025\/08\/DSC_1020-rotated.jpg 1080w\" sizes=\"auto, (max-width: 683px) 100vw, 683px\" \/><\/figure>\n\n\n\n<p>Gergely Barnab\u00e1s- Gazdas\u00e1gi vezet\u0151<\/p>\n\n\n\n<p>El\u00e9rhet\u0151s\u00e9g: barnabas55@gmail.com<\/p>\n\n\n\n<figure class=\"wp-block-image size-large is-resized\"><img loading=\"lazy\" decoding=\"async\" width=\"683\" height=\"1024\" src=\"https:\/\/katolikusifjusagialapitvany.hu\/wp-content\/uploads\/2025\/08\/DSC_0970-1-683x1024.jpg\" alt=\"\" class=\"wp-image-2464\" style=\"width:215px;height:auto\" srcset=\"https:\/\/katolikusifjusagialapitvany.hu\/wp-content\/uploads\/2025\/08\/DSC_0970-1-683x1024.jpg 683w, https:\/\/katolikusifjusagialapitvany.hu\/wp-content\/uploads\/2025\/08\/DSC_0970-1-200x300.jpg 200w, https:\/\/katolikusifjusagialapitvany.hu\/wp-content\/uploads\/2025\/08\/DSC_0970-1-768x1152.jpg 768w, https:\/\/katolikusifjusagialapitvany.hu\/wp-content\/uploads\/2025\/08\/DSC_0970-1-1024x1536.jpg 1024w, https:\/\/katolikusifjusagialapitvany.hu\/wp-content\/uploads\/2025\/08\/DSC_0970-1-rotated.jpg 1080w\" sizes=\"auto, (max-width: 683px) 100vw, 683px\" \/><\/figure>\n\n\n\n<p>Farkas Zsuzsanna- Projektmenedzser a Katolikus Ifj\u00fas\u00e1gi Alap\u00edtv\u00e1nyn\u00e1l.&nbsp;<\/p>\n\n\n\n<p>El\u00e9rhet\u0151s\u00e9g:&nbsp;<a href=\"mailto:kifia.szeged@gmail.com\" target=\"_blank\" rel=\"noreferrer noopener\">kifia.szeged@gmail.com<\/a><\/p>\n\n\n\n<figure class=\"wp-block-image size-large is-resized\"><img loading=\"lazy\" decoding=\"async\" width=\"683\" height=\"1024\" src=\"https:\/\/katolikusifjusagialapitvany.hu\/wp-content\/uploads\/2025\/08\/DSC_1036-683x1024.jpg\" alt=\"\" class=\"wp-image-2465\" style=\"width:215px;height:auto\" srcset=\"https:\/\/katolikusifjusagialapitvany.hu\/wp-content\/uploads\/2025\/08\/DSC_1036-683x1024.jpg 683w, https:\/\/katolikusifjusagialapitvany.hu\/wp-content\/uploads\/2025\/08\/DSC_1036-200x300.jpg 200w, https:\/\/katolikusifjusagialapitvany.hu\/wp-content\/uploads\/2025\/08\/DSC_1036-768x1152.jpg 768w, https:\/\/katolikusifjusagialapitvany.hu\/wp-content\/uploads\/2025\/08\/DSC_1036-1024x1536.jpg 1024w, https:\/\/katolikusifjusagialapitvany.hu\/wp-content\/uploads\/2025\/08\/DSC_1036-rotated.jpg 1080w\" sizes=\"auto, (max-width: 683px) 100vw, 683px\" \/><\/figure>\n\n\n\n<p>Schmidt Timi-Jelenleg a Millenniumi K\u00e1v\u00e9h\u00e1z \u00e9s Klub helyettes \u00fczletvezet\u0151je, egy\u00e9bk\u00e9nt social media manager \u00e9s alap\u00edtv\u00e1nyi munkat\u00e1rs.<br>El\u00e9rhet\u0151s\u00e9g:&nbsp;<a href=\"mailto:timi.schmidt.kia@gmail.com\" target=\"_blank\" rel=\"noreferrer noopener\">timi.schmidt.kia@gmail.com<\/a><\/p>\n\n\n\n<p><\/p>\n","protected":false},"excerpt":{"rendered":"<p>Gergely Barnab\u00e1s- Gazdas\u00e1gi vezet\u0151 El\u00e9rhet\u0151s\u00e9g: barnabas55@gmail.com Farkas Zsuzsanna- Projektmenedzser a<\/p>\n","protected":false},"author":1,"featured_media":0,"parent":0,"menu_order":0,"comment_status":"closed","ping_status":"closed","template":"","meta":{"footnotes":""},"class_list":["post-1356","page","type-page","status-publish","hentry"],"_links":{"self":[{"href":"https:\/\/katolikusifjusagialapitvany.hu\/index.php?rest_route=\/wp\/v2\/pages\/1356","targetHints":{"allow":["GET"]}}],"collection":[{"href":"https:\/\/katolikusifjusagialapitvany.hu\/index.php?rest_route=\/wp\/v2\/pages"}],"about":[{"href":"https:\/\/katolikusifjusagialapitvany.hu\/index.php?rest_route=\/wp\/v2\/types\/page"}],"author":[{"embeddable":true,"href":"https:\/\/katolikusifjusagialapitvany.hu\/index.php?rest_route=\/wp\/v2\/users\/1"}],"replies":[{"embeddable":true,"href":"https:\/\/katolikusifjusagialapitvany.hu\/index.php?rest_route=%2Fwp%2Fv2%2Fcomments&post=1356"}],"version-history":[{"count":7,"href":"https:\/\/katolikusifjusagialapitvany.hu\/index.php?rest_route=\/wp\/v2\/pages\/1356\/revisions"}],"predecessor-version":[{"id":2527,"href":"https:\/\/katolikusifjusagialapitvany.hu\/index.php?rest_route=\/wp\/v2\/pages\/1356\/revisions\/2527"}],"wp:attachment":[{"href":"https:\/\/katolikusifjusagialapitvany.hu\/index.php?rest_route=%2Fwp%2Fv2%2Fmedia&parent=1356"}],"curies":[{"name":"wp","href":"https:\/\/api.w.org\/{rel}","templated":true}]}}