{"id":2457,"date":"2025-06-22T09:58:00","date_gmt":"2025-06-22T09:58:00","guid":{"rendered":"https:\/\/katolikusifjusagialapitvany.hu\/?page_id=2457"},"modified":"2025-08-06T10:01:07","modified_gmt":"2025-08-06T10:01:07","slug":"palyazati-felhivas-fuggetlen-alkotoknak","status":"publish","type":"page","link":"https:\/\/katolikusifjusagialapitvany.hu\/?page_id=2457","title":{"rendered":"P\u00c1LY\u00c1ZATI FELH\u00cdV\u00c1S F\u00dcGGETLEN ALKOT\u00d3KNAK"},"content":{"rendered":"\n<figure class=\"wp-block-image size-full\"><img loading=\"lazy\" decoding=\"async\" width=\"512\" height=\"640\" src=\"https:\/\/katolikusifjusagialapitvany.hu\/wp-content\/uploads\/2025\/08\/496097335_1277561991037020_7703613160692566036_n.jpg\" alt=\"\" class=\"wp-image-2458\" srcset=\"https:\/\/katolikusifjusagialapitvany.hu\/wp-content\/uploads\/2025\/08\/496097335_1277561991037020_7703613160692566036_n.jpg 512w, https:\/\/katolikusifjusagialapitvany.hu\/wp-content\/uploads\/2025\/08\/496097335_1277561991037020_7703613160692566036_n-240x300.jpg 240w\" sizes=\"auto, (max-width: 512px) 100vw, 512px\" \/><\/figure>\n\n\n\n<p>(HU)<\/p>\n\n\n\n<p>P\u00c1LY\u00c1ZATI FELH\u00cdV\u00c1S F\u00dcGGETLEN ALKOT\u00d3KNAK <img loading=\"lazy\" decoding=\"async\" height=\"16\" width=\"16\" alt=\"\ud83e\udef5\" src=\"https:\/\/static.xx.fbcdn.net\/images\/emoji.php\/v9\/tc8\/1\/16\/1faf5.png\"><\/p>\n\n\n\n<p><a><\/a>Artist residency programot hirdet a Malomfesztiv\u00e1l, Protest c\u00edmmel. Szeretn\u00e9nk teret \u00e9s lehet\u0151s\u00e9get adni olyan alkot\u00f3knak, akik az elnyom\u00f3 politikai rezsimekkel szembeni k\u00fczdelmre szeretn\u00e9nek reflekt\u00e1lni, \u00e9s sz\u00edv\u00fck\u00f6n viselik egy erk\u00f6lcs\u00f6sebb, \u00e1tl\u00e1that\u00f3bb, fenntarthat\u00f3bb vil\u00e1g l\u00e9trehoz\u00e1s\u00e1t. Olyan megnyilv\u00e1nul\u00e1soknak szeretn\u00e9nk teret adni, amelyek a szavakn\u00e1l hangosabbak, \u00e9s a molin\u00f3kn\u00e1l l\u00e1tv\u00e1nyosabbak.<\/p>\n\n\n\n<p>A Parks4All projekt keretein bel\u00fcl v\u00e1rjuk fiatal m\u0171v\u00e9szek jelentkez\u00e9s\u00e9t (36 \u00e9v alatt), akik alkot\u00e1saikkal hozz\u00e1j\u00e1ruln\u00e1nak a Malomfesztiv\u00e1lhoz.<\/p>\n\n\n\n<p><img loading=\"lazy\" decoding=\"async\" height=\"16\" width=\"16\" alt=\"\ud83d\udcc5\" src=\"https:\/\/static.xx.fbcdn.net\/images\/emoji.php\/v9\/t7e\/1\/16\/1f4c5.png\"> J\u00falius 28 \u2013 Augusztus 10, 2025<\/p>\n\n\n\n<p><img loading=\"lazy\" decoding=\"async\" height=\"16\" width=\"16\" alt=\"\ud83d\udccd\" src=\"https:\/\/static.xx.fbcdn.net\/images\/emoji.php\/v9\/t2d\/1\/16\/1f4cd.png\"> Orom, Serbia<\/p>\n\n\n\n<p><img loading=\"lazy\" decoding=\"async\" height=\"16\" width=\"16\" alt=\"\ud83d\udcb6\" src=\"https:\/\/static.xx.fbcdn.net\/images\/emoji.php\/v9\/t60\/1\/16\/1f4b6.png\"> \u20ac500 k\u00f6lts\u00e9gkeret + \u00e9tkez\u00e9s + fesztiv\u00e1lb\u00e9rlet<\/p>\n\n\n\n<p>Alapvet\u0151 technikai megk\u00f6t\u00e9s\u00fcnk nincs, a p\u00e1lyamunka lehet k\u00e9pz\u0151m\u0171v\u00e9szeti alkot\u00e1s, landart, install\u00e1ci\u00f3, performansz, film, vagy b\u00e1rmi, ami a fesztiv\u00e1l m\u00e9retben is \u00e9rtelmezhet\u0151. Az alkot\u00e1s legyen t\u00e9maspecifikus, l\u00e1tv\u00e1nyos, fesztiv\u00e1l &#8211; \u00e9s id\u0151j\u00e1r\u00e1s\u00e1ll\u00f3 \u00e9s k\u00e9sz\u00fclj\u00f6n el legk\u00e9s\u0151bb 2025. augusztus 6. 14:00-ig. Az alkot\u00e1s\u00e9rt a rendezv\u00e9ny alatt is els\u0151sorban az alkot\u00f3 a felel\u0151s.<\/p>\n\n\n\n<p>A jelentkez\u00e9s felt\u00e9telei:<\/p>\n\n\n\n<p>&#8211; Motiv\u00e1ci\u00f3s lev\u00e9l (Maximum 1 A4 oldal. Szerepeljen benne az alkot\u00f3\/alkot\u00f3k neve, el\u00e9rhet\u0151s\u00e9ge, sz\u00fclet\u00e9si d\u00e1tuma, lakhelye)<\/p>\n\n\n\n<p>&#8211; Szakmai portf\u00f3li\u00f3<\/p>\n\n\n\n<p>&#8211; Terv\/\u00f6tletp\u00e1ly\u00e1zat a helysz\u00ednen k\u00e9sz\u00fcl\u0151, vagy ott \u00f6ssze\u00e1ll\u00edt\u00e1sra ker\u00fcl\u0151 m\u0171r\u0151l.<\/p>\n\n\n\n<p>Jelentkez\u00e9si hat\u00e1rid\u0151 j\u00fanius 30.<\/p>\n\n\n\n<p>A p\u00e1ly\u00e1zatok elb\u00edr\u00e1l\u00e1s\u00e1nak hat\u00e1rideje j\u00falius 5.<\/p>\n\n\n\n<p>Jelentkez\u00e9s e-mailben: onyaolahdora@gmail.com<\/p>\n\n\n\n<p>A jelentkez\u00e9s lehets\u00e9ges maximum 3 f\u0151s munkacsoportokban.<\/p>\n\n\n\n<p>A r\u00e9szv\u00e9tel felt\u00e9tele az egy\u00e9ni munkav\u00e9gz\u00e9s (technikai oktat\u00f3, mentor, szakir\u00e1ny\u00fa seg\u00edts\u00e9g nem biztos\u00edtott &#8211; ett\u0151l m\u00e9g el\u0151fordulhat). A jelentkez\u00e9ssel egyidej\u0171leg a p\u00e1ly\u00e1z\u00f3 v\u00e1llalja, hogy terv\u00e9t legjobb tud\u00e1sa szerint megval\u00f3s\u00edtja, fizikai alkot\u00e1s eset\u00e9n legk\u00e9s\u0151bb 08.06-\u00e1n a helysz\u00ednen fel\u00e1ll\u00edtja, a fesztiv\u00e1l id\u0151tartama alatt prezent\u00e1lja \u00e9s az\u00e9rt felel\u0151ss\u00e9ggel tartozik.<\/p>\n\n\n\n<p>R\u00e9szletek: <a href=\"https:\/\/tinyurl.com\/3y2sk64a?fbclid=IwZXh0bgNhZW0CMTAAYnJpZBExS3o5djNxVDRPcDlsbnBMUgEeKdTeKFpYLL1aUd6UqQ8nYzTdygErmC8LUkmUq0j6JBVJnwi1svescQFiavs_aem_dDALDeJp540xhiE_G1O_Eg\" rel=\"noreferrer noopener\" target=\"_blank\">https:\/\/tinyurl.com\/3y2sk64a<\/a><\/p>\n\n\n\n<p><\/p>\n\n\n\n<p>(RS)<\/p>\n\n\n\n<p>KONKURS ZA NEZAVISNE UMETNIKE <img loading=\"lazy\" decoding=\"async\" height=\"16\" width=\"16\" alt=\"\ud83e\udef5\" src=\"https:\/\/static.xx.fbcdn.net\/images\/emoji.php\/v9\/tc8\/1\/16\/1faf5.png\"><\/p>\n\n\n\n<p>Malomfesztiv\u00e1l pokre\u0107e umetni\u010dki rezidencijalni program pod nazivom Protest.<\/p>\n\n\n\n<p>\u017delimo da pru\u017eimo prostor i priliku umetnicima koji \u017eele da se osvrnu na borbu protiv represivnih politi\u010dkih re\u017eima i kojima je stalo do izgradnje pravednijeg, transparentnijeg i odr\u017eivijeg sveta. Tra\u017eimo izraze koji govore glasnije od re\u010di i koji su upe\u010datljiviji od transparenata.<\/p>\n\n\n\n<p>U okviru projekta Parks4All o\u010dekujemo prijave mladih umetnika (mla\u0111ih od 36 godina) koji bi svojim radom doprineli Malomfesztiv\u00e1lu.<\/p>\n\n\n\n<p><img loading=\"lazy\" decoding=\"async\" height=\"16\" width=\"16\" alt=\"\ud83d\udcc5\" src=\"https:\/\/static.xx.fbcdn.net\/images\/emoji.php\/v9\/t7e\/1\/16\/1f4c5.png\"> 28. jul \u2013 10. avgust 2025.<\/p>\n\n\n\n<p><img loading=\"lazy\" decoding=\"async\" height=\"16\" width=\"16\" alt=\"\ud83d\udccd\" src=\"https:\/\/static.xx.fbcdn.net\/images\/emoji.php\/v9\/t2d\/1\/16\/1f4cd.png\"> Orom, Srbija<\/p>\n\n\n\n<p><img loading=\"lazy\" decoding=\"async\" height=\"16\" width=\"16\" alt=\"\ud83d\udcb6\" src=\"https:\/\/static.xx.fbcdn.net\/images\/emoji.php\/v9\/t60\/1\/16\/1f4b6.png\"> Bud\u017eet od 500 evra + obroci + festivalska ulaznica<\/p>\n\n\n\n<p>Ne postoje konkretna tehni\u010dka ograni\u010denja &#8211; prijavljeni rad mo\u017ee biti likovna umetnost, land art, instalacija, performans, film ili bilo \u0161ta \u0161to je prikladno za festivalski format. Rad mora biti tematski usmeren, vizuelno upe\u010datljiv, otporan na vremenske uslove i festivalski kontekst, i mora biti zavr\u0161en najkasnije do 6. avgusta 2025. u 14:00 \u010dasova. Tokom festivala, za rad je prvenstveno odgovoran sam umetnik.<\/p>\n\n\n\n<p>Uslovi za prijavu:<\/p>\n\n\n\n<p>&#8211; Motivaciono pismo (maksimalno 1 A4 strana, sa imenom umetnika\/tima, kontakt podacima, datumom ro\u0111enja i mestom stanovanja)<\/p>\n\n\n\n<p>&#8211; Profesionalni portfolio<\/p>\n\n\n\n<p>&#8211; Predlog\/idejno re\u0161enje za umetni\u010dki rad koji \u0107e se izraditi ili sastaviti na licu mesta<\/p>\n\n\n\n<p>Rok za prijavu: 30. jun<\/p>\n\n\n\n<p>Prijave slati mejlom na: onyaolahdora@gmail.com<\/p>\n\n\n\n<p>Obave\u0161tenje o rezultatima: 5. jul<\/p>\n\n\n\n<p>Prijave su mogu\u0107e i u okviru radnih grupa do najvi\u0161e 3 osobe.<\/p>\n\n\n\n<p>U\u010de\u0161\u0107e podrazumeva samostalan rad &#8211; tehni\u010dka pomo\u0107, mentorstvo ili stru\u010dna podr\u0161ka nisu obezbe\u0111eni (iako mogu postojati).<\/p>\n\n\n\n<p>Prijavom se u\u010desnik obavezuje da \u0107e svoj projekat realizovati u skladu sa svojim najboljim mogu\u0107nostima, da \u0107e fizi\u010dki delo postaviti na lokaciji najkasnije 6. avgusta, prezentovati ga tokom festivala i snositi odgovornost za njega tokom trajanja doga\u0111aja.<\/p>\n\n\n\n<p>Detalji: <a href=\"https:\/\/l.facebook.com\/l.php?u=https%3A%2F%2Ftinyurl.com%2F3y2sk64a%3Ffbclid%3DIwZXh0bgNhZW0CMTAAYnJpZBExS3o5djNxVDRPcDlsbnBMUgEeKdTeKFpYLL1aUd6UqQ8nYzTdygErmC8LUkmUq0j6JBVJnwi1svescQFiavs_aem_dDALDeJp540xhiE_G1O_Eg&amp;h=AT1tA6irjtkkBFJmZiTZJETyW-3IWXKq_NCgHNyUhiSCPMOUssrjZ39gpnqSVb_YwCsIhd_M6MESBvSjxfQFDZuJ2b9VZFetYg55nhB5h2gBVV1kghv5G2jJx1svI3tzY8ihUxbcnAlMFG4o&amp;__tn__=-UK-y-R&amp;c[0]=AT2npNk7hQmpT8CA0KDFxizh3JmUIfetcbAcoTFX-6p7pQjza9Lk3otjZ5acXys_CgK4dhu9mjr8FANzb6mm-cTppf8os8H-4zFlWXtJHkug8K2hTec0rmScLLpkL3k7jUmfUEyjPGo5nH_PSYJHvjuCKcWeW9WZckU2RahFfy75ASrqhPNkJtTbBwle30ElHMsZdVV6EpPwh7Y1gsrQbJWeE0TXHLMJDJCYG8KWH88YBaBa\" rel=\"noreferrer noopener\" target=\"_blank\">https:\/\/tinyurl.com\/3y2sk64a<\/a><\/p>\n\n\n\n<p>(EN)<\/p>\n\n\n\n<p>CALL FOR APPLICATIONS FOR INDEPENDENT ARTISTS <img loading=\"lazy\" decoding=\"async\" height=\"16\" width=\"16\" alt=\"\ud83e\udef5\" src=\"https:\/\/static.xx.fbcdn.net\/images\/emoji.php\/v9\/tc8\/1\/16\/1faf5.png\"><\/p>\n\n\n\n<p>Malomfesztiv\u00e1l is launching an artist residency program under the title Protest.<\/p>\n\n\n\n<p>We aim to provide space and opportunity for creators who wish to reflect on the fight against oppressive political regimes and who care deeply about building a more ethical, transparent, and sustainable world. We seek expressions that speak louder than words and are more striking than banners.<\/p>\n\n\n\n<p>As part of the Parks4All project, we are expecting applications from young artists (under the age of 36) who would contribute to the Malomfesztiv\u00e1l with their creations.<\/p>\n\n\n\n<p><img loading=\"lazy\" decoding=\"async\" height=\"16\" width=\"16\" alt=\"\ud83d\udcc5\" src=\"https:\/\/static.xx.fbcdn.net\/images\/emoji.php\/v9\/t7e\/1\/16\/1f4c5.png\"> July 28 \u2013 August 10, 2025<\/p>\n\n\n\n<p><img loading=\"lazy\" decoding=\"async\" height=\"16\" width=\"16\" alt=\"\ud83d\udccd\" src=\"https:\/\/static.xx.fbcdn.net\/images\/emoji.php\/v9\/t2d\/1\/16\/1f4cd.png\"> Orom, Serbia<\/p>\n\n\n\n<p><img loading=\"lazy\" decoding=\"async\" height=\"16\" width=\"16\" alt=\"\ud83d\udcb6\" src=\"https:\/\/static.xx.fbcdn.net\/images\/emoji.php\/v9\/t60\/1\/16\/1f4b6.png\"> \u20ac500 budget + meals + festival pass<\/p>\n\n\n\n<p>There are no specific technical limitations &#8211; the submitted work can be a piece of visual art, land art, installation, performance, film, or anything suitable for the scale of the festival. The artwork must be theme-specific, visually impactful, festival &#8211; and weather-resistant, and must be completed by August 6, 2025, at 14:00 at the latest. During the event, the artist is primarily responsible for their own creation.<\/p>\n\n\n\n<p>Application requirements:<\/p>\n\n\n\n<p>&#8211; Motivation letter (max. 1 A4 page, including the artist&#8217;s\/group&#8217;s name, contact details, date of birth, and place of residence)<\/p>\n\n\n\n<p>&#8211; Professional portfolio<\/p>\n\n\n\n<p>&#8211; Proposal\/project idea for the artwork to be created or assembled on-site<\/p>\n\n\n\n<p>Application deadline: June 30<\/p>\n\n\n\n<p>Submit via email to: onyaolahdora@gmail.com<\/p>\n\n\n\n<p>Selected applicants will be notified by: July 5<\/p>\n\n\n\n<p>Applications may be submitted by working groups of up to 3 people.<\/p>\n\n\n\n<p>Participation requires individual work &#8211; technical instructors, mentors, or specialized assistance are not provided (though they may occur).<\/p>\n\n\n\n<p>By applying, the applicant agrees to execute their plan to the best of their ability, install their physical work on-site by August 6, present it during the festival, and assume responsibility for it throughout the event.<\/p>\n\n\n\n<p>Details: <a href=\"https:\/\/tinyurl.com\/3y2sk64a?fbclid=IwZXh0bgNhZW0CMTAAYnJpZBExS3o5djNxVDRPcDlsbnBMUgEekotqX9VuMBr8Uz3IjWysSYSqurxCSXv6aDMWkE9BSJyJzMNpmhLSgNRjE18_aem_5R3h8Tndbww4LKR8L7f3eQ\" rel=\"noreferrer noopener\" target=\"_blank\">https:\/\/tinyurl.com\/3y2sk64a<\/a><\/p>\n","protected":false},"excerpt":{"rendered":"<p>(HU) P\u00c1LY\u00c1ZATI FELH\u00cdV\u00c1S F\u00dcGGETLEN ALKOT\u00d3KNAK Artist residency programot hirdet a<\/p>\n","protected":false},"author":1,"featured_media":0,"parent":0,"menu_order":0,"comment_status":"closed","ping_status":"closed","template":"","meta":{"footnotes":""},"class_list":["post-2457","page","type-page","status-publish","hentry"],"_links":{"self":[{"href":"https:\/\/katolikusifjusagialapitvany.hu\/index.php?rest_route=\/wp\/v2\/pages\/2457","targetHints":{"allow":["GET"]}}],"collection":[{"href":"https:\/\/katolikusifjusagialapitvany.hu\/index.php?rest_route=\/wp\/v2\/pages"}],"about":[{"href":"https:\/\/katolikusifjusagialapitvany.hu\/index.php?rest_route=\/wp\/v2\/types\/page"}],"author":[{"embeddable":true,"href":"https:\/\/katolikusifjusagialapitvany.hu\/index.php?rest_route=\/wp\/v2\/users\/1"}],"replies":[{"embeddable":true,"href":"https:\/\/katolikusifjusagialapitvany.hu\/index.php?rest_route=%2Fwp%2Fv2%2Fcomments&post=2457"}],"version-history":[{"count":1,"href":"https:\/\/katolikusifjusagialapitvany.hu\/index.php?rest_route=\/wp\/v2\/pages\/2457\/revisions"}],"predecessor-version":[{"id":2459,"href":"https:\/\/katolikusifjusagialapitvany.hu\/index.php?rest_route=\/wp\/v2\/pages\/2457\/revisions\/2459"}],"wp:attachment":[{"href":"https:\/\/katolikusifjusagialapitvany.hu\/index.php?rest_route=%2Fwp%2Fv2%2Fmedia&parent=2457"}],"curies":[{"name":"wp","href":"https:\/\/api.w.org\/{rel}","templated":true}]}}